{"id":2607,"date":"2023-12-15T21:53:44","date_gmt":"2023-12-15T19:53:44","guid":{"rendered":"https:\/\/lavandamania.eu\/product\/lavandas-seklas-lavender-vera-franchi-sementi\/"},"modified":"2023-12-15T21:53:44","modified_gmt":"2023-12-15T19:53:44","slug":"seklas-lavandas-vera","status":"publish","type":"product","link":"https:\/\/lavandamania.eu\/lv\/product\/seklas-lavandas-vera\/","title":{"rendered":"Lavandas s\u0113klas &#8220;Lavender Vera&#8221; &#8211; Franchi Sementi"},"content":{"rendered":"<p>Atkl\u0101jiet<strong>&#8220;Lavender Vera&#8221;<\/strong> daudzpus\u012bgo skaistumu un arom\u0101tu. <strong>Lavanda Vera<\/strong> ir ne tikai satrieco\u0161a, bet ar\u012b daudzgad\u012bgs, daudzpus\u012bgs un smar\u017e\u012bgs augs, kas piem\u0113rots grie\u0161anai un izmanto\u0161anai podi\u0146os.<\/p>\n<p><strong>Lavandas Vera<\/strong> galven\u0101s \u012bpa\u0161\u012bbas:<\/p>\n<ul>\n<li>Izsmalcin\u0101ts arom\u0101ts: T\u0101 apburo\u0161ais arom\u0101ts pie\u0161\u0137ir ve\u013cai pat\u012bkamu smar\u017eu.<\/li>\n<li>Univers\u0101la \u017e\u0101v\u0113ta lavanda: Pievienojiet kalt\u0113tu lavandas zari\u0146u potpourri, lai ieg\u016btu papildu arom\u0101tu un ko\u0161u kr\u0101su.<\/li>\n<\/ul>\n<p>&nbsp;<\/p>\n<p>Palutiniet savas saj\u016btas ar <strong>lavandu Vera<\/strong> &#8211; burv\u012bgu gar\u0161augu, kas bag\u0101tin\u0101s j\u016bsu d\u0101rzu un m\u0101jas iek\u0101rtojumu ar savu valdzino\u0161o arom\u0101tu un daudzveid\u012bgo dabu.<\/p>\n","protected":false},"excerpt":{"rendered":"<p>Atkl\u0101jiet&#8220;Lavender Vera&#8221; daudzpus\u012bgo skaistumu un arom\u0101tu. Lavanda Vera ir ne tikai satrieco\u0161a, bet ar\u012b daudzgad\u012bgs, daudzpus\u012bgs un smar\u017e\u012bgs augs, kas piem\u0113rots grie\u0161anai un izmanto\u0161anai podi\u0146os. Lavandas Vera galven\u0101s \u012bpa\u0161\u012bbas: Izsmalcin\u0101ts arom\u0101ts: T\u0101 apburo\u0161ais arom\u0101ts pie\u0161\u0137ir ve\u013cai pat\u012bkamu smar\u017eu. Univers\u0101la \u017e\u0101v\u0113ta lavanda: Pievienojiet kalt\u0113tu lavandas zari\u0146u potpourri, lai ieg\u016btu papildu arom\u0101tu un ko\u0161u kr\u0101su. &nbsp; Palutiniet [&hellip;]<\/p>\n","protected":false},"featured_media":2608,"template":"","meta":[],"product_brand":[],"product_cat":[117],"product_tag":[],"class_list":["post-2607","product","type-product","status-publish","has-post-thumbnail","product_cat-siemenet-lv","first","instock","taxable","shipping-taxable","purchasable","product-type-simple"],"aioseo_notices":[],"aioseo_head":"\n\t\t<!-- All in One SEO 5.0.1.1 - aioseo.com -->\n\t<meta name=\"description\" content=\"Atkl\u0101jiet&quot;Lavender Vera&quot; daudzpus\u012bgo skaistumu un arom\u0101tu. Lavanda Vera ir ne tikai satrieco\u0161a, bet ar\u012b daudzgad\u012bgs, daudzpus\u012bgs un smar\u017e\u012bgs augs, kas piem\u0113rots grie\u0161anai un izmanto\u0161anai podi\u0146os. Lavandas Vera galven\u0101s \u012bpa\u0161\u012bbas: Izsmalcin\u0101ts arom\u0101ts: T\u0101 apburo\u0161ais arom\u0101ts pie\u0161\u0137ir ve\u013cai pat\u012bkamu smar\u017eu. Univers\u0101la \u017e\u0101v\u0113ta lavanda: Pievienojiet kalt\u0113tu lavandas zari\u0146u potpourri, lai ieg\u016btu papildu arom\u0101tu un ko\u0161u kr\u0101su. Palutiniet\" \/>\n\t<meta name=\"robots\" content=\"max-image-preview:large\" \/>\n\t<link rel=\"canonical\" href=\"https:\/\/lavandamania.eu\/lv\/product\/seklas-lavandas-vera\/\" \/>\n\t<meta name=\"generator\" content=\"All in One SEO (AIOSEO) 5.0.1.1\" \/>\n\t\t<meta property=\"og:locale\" content=\"lv_LV\" \/>\n\t\t<meta property=\"og:site_name\" content=\"Lavandamania - Shop with lavender products in Scandinavia\" \/>\n\t\t<meta property=\"og:type\" content=\"article\" \/>\n\t\t<meta property=\"og:title\" content=\"Lavandas s\u0113klas \u201cLavender Vera\u201d \u2013 Franchi Sementi - Lavandamania\" \/>\n\t\t<meta property=\"og:description\" content=\"Atkl\u0101jiet&quot;Lavender Vera&quot; daudzpus\u012bgo skaistumu un arom\u0101tu. Lavanda Vera ir ne tikai satrieco\u0161a, bet ar\u012b daudzgad\u012bgs, daudzpus\u012bgs un smar\u017e\u012bgs augs, kas piem\u0113rots grie\u0161anai un izmanto\u0161anai podi\u0146os. Lavandas Vera galven\u0101s \u012bpa\u0161\u012bbas: Izsmalcin\u0101ts arom\u0101ts: T\u0101 apburo\u0161ais arom\u0101ts pie\u0161\u0137ir ve\u013cai pat\u012bkamu smar\u017eu. Univers\u0101la \u017e\u0101v\u0113ta lavanda: Pievienojiet kalt\u0113tu lavandas zari\u0146u potpourri, lai ieg\u016btu papildu arom\u0101tu un ko\u0161u kr\u0101su. Palutiniet\" \/>\n\t\t<meta property=\"og:url\" content=\"https:\/\/lavandamania.eu\/lv\/product\/seklas-lavandas-vera\/\" \/>\n\t\t<meta property=\"og:image\" content=\"https:\/\/lavandamania.eu\/wp-content\/uploads\/2023\/09\/logo-colored2-1.jpg\" \/>\n\t\t<meta property=\"og:image:secure_url\" content=\"https:\/\/lavandamania.eu\/wp-content\/uploads\/2023\/09\/logo-colored2-1.jpg\" \/>\n\t\t<meta property=\"article:published_time\" content=\"2023-12-15T19:53:44+00:00\" \/>\n\t\t<meta property=\"article:modified_time\" content=\"2023-12-15T19:53:44+00:00\" \/>\n\t\t<meta name=\"twitter:card\" content=\"summary_large_image\" \/>\n\t\t<meta name=\"twitter:title\" content=\"Lavandas s\u0113klas \u201cLavender Vera\u201d \u2013 Franchi Sementi - Lavandamania\" \/>\n\t\t<meta name=\"twitter:description\" content=\"Atkl\u0101jiet&quot;Lavender Vera&quot; daudzpus\u012bgo skaistumu un arom\u0101tu. Lavanda Vera ir ne tikai satrieco\u0161a, bet ar\u012b daudzgad\u012bgs, daudzpus\u012bgs un smar\u017e\u012bgs augs, kas piem\u0113rots grie\u0161anai un izmanto\u0161anai podi\u0146os. Lavandas Vera galven\u0101s \u012bpa\u0161\u012bbas: Izsmalcin\u0101ts arom\u0101ts: T\u0101 apburo\u0161ais arom\u0101ts pie\u0161\u0137ir ve\u013cai pat\u012bkamu smar\u017eu. Univers\u0101la \u017e\u0101v\u0113ta lavanda: Pievienojiet kalt\u0113tu lavandas zari\u0146u potpourri, lai ieg\u016btu papildu arom\u0101tu un ko\u0161u kr\u0101su. Palutiniet\" \/>\n\t\t<meta name=\"twitter:image\" content=\"https:\/\/lavandamania.eu\/wp-content\/uploads\/2023\/09\/logo-colored2-1.jpg\" \/>\n\t\t<script type=\"application\/ld+json\" class=\"aioseo-schema\">\n\t\t\t{\"@context\":\"https:\\\/\\\/schema.org\",\"@graph\":[{\"@type\":\"BreadcrumbList\",\"@id\":\"https:\\\/\\\/lavandamania.eu\\\/lv\\\/product\\\/seklas-lavandas-vera\\\/#breadcrumblist\",\"itemListElement\":[{\"@type\":\"ListItem\",\"@id\":\"https:\\\/\\\/lavandamania.eu\\\/lv\\\/#listItem\",\"position\":1,\"name\":\"Home\",\"item\":\"https:\\\/\\\/lavandamania.eu\\\/lv\\\/\",\"nextItem\":{\"@type\":\"ListItem\",\"@id\":\"https:\\\/\\\/lavandamania.eu\\\/shop\\\/#listItem\",\"name\":\"Shop\"}},{\"@type\":\"ListItem\",\"@id\":\"https:\\\/\\\/lavandamania.eu\\\/shop\\\/#listItem\",\"position\":2,\"name\":\"Shop\",\"item\":\"https:\\\/\\\/lavandamania.eu\\\/shop\\\/\",\"nextItem\":{\"@type\":\"ListItem\",\"@id\":\"https:\\\/\\\/lavandamania.eu\\\/lv\\\/product-category\\\/siemenet-lv\\\/#listItem\",\"name\":\"Siemenet\"},\"previousItem\":{\"@type\":\"ListItem\",\"@id\":\"https:\\\/\\\/lavandamania.eu\\\/lv\\\/#listItem\",\"name\":\"Home\"}},{\"@type\":\"ListItem\",\"@id\":\"https:\\\/\\\/lavandamania.eu\\\/lv\\\/product-category\\\/siemenet-lv\\\/#listItem\",\"position\":3,\"name\":\"Siemenet\",\"item\":\"https:\\\/\\\/lavandamania.eu\\\/lv\\\/product-category\\\/siemenet-lv\\\/\",\"nextItem\":{\"@type\":\"ListItem\",\"@id\":\"https:\\\/\\\/lavandamania.eu\\\/lv\\\/product\\\/seklas-lavandas-vera\\\/#listItem\",\"name\":\"Lavandas s\\u0113klas &#8220;Lavender Vera&#8221; &#8211; Franchi Sementi\"},\"previousItem\":{\"@type\":\"ListItem\",\"@id\":\"https:\\\/\\\/lavandamania.eu\\\/shop\\\/#listItem\",\"name\":\"Shop\"}},{\"@type\":\"ListItem\",\"@id\":\"https:\\\/\\\/lavandamania.eu\\\/lv\\\/product\\\/seklas-lavandas-vera\\\/#listItem\",\"position\":4,\"name\":\"Lavandas s\\u0113klas &#8220;Lavender Vera&#8221; &#8211; Franchi Sementi\",\"previousItem\":{\"@type\":\"ListItem\",\"@id\":\"https:\\\/\\\/lavandamania.eu\\\/lv\\\/product-category\\\/siemenet-lv\\\/#listItem\",\"name\":\"Siemenet\"}}]},{\"@type\":\"ItemPage\",\"@id\":\"https:\\\/\\\/lavandamania.eu\\\/lv\\\/product\\\/seklas-lavandas-vera\\\/#itempage\",\"url\":\"https:\\\/\\\/lavandamania.eu\\\/lv\\\/product\\\/seklas-lavandas-vera\\\/\",\"name\":\"Lavandas s\\u0113klas \\u201cLavender Vera\\u201d \\u2013 Franchi Sementi - Lavandamania\",\"description\":\"Atkl\\u0101jiet\\\"Lavender Vera\\\" daudzpus\\u012bgo skaistumu un arom\\u0101tu. Lavanda Vera ir ne tikai satrieco\\u0161a, bet ar\\u012b daudzgad\\u012bgs, daudzpus\\u012bgs un smar\\u017e\\u012bgs augs, kas piem\\u0113rots grie\\u0161anai un izmanto\\u0161anai podi\\u0146os. Lavandas Vera galven\\u0101s \\u012bpa\\u0161\\u012bbas: Izsmalcin\\u0101ts arom\\u0101ts: T\\u0101 apburo\\u0161ais arom\\u0101ts pie\\u0161\\u0137ir ve\\u013cai pat\\u012bkamu smar\\u017eu. Univers\\u0101la \\u017e\\u0101v\\u0113ta lavanda: Pievienojiet kalt\\u0113tu lavandas zari\\u0146u potpourri, lai ieg\\u016btu papildu arom\\u0101tu un ko\\u0161u kr\\u0101su. Palutiniet\",\"inLanguage\":\"lv-LV\",\"isPartOf\":{\"@id\":\"https:\\\/\\\/lavandamania.eu\\\/lv\\\/#website\"},\"breadcrumb\":{\"@id\":\"https:\\\/\\\/lavandamania.eu\\\/lv\\\/product\\\/seklas-lavandas-vera\\\/#breadcrumblist\"},\"image\":{\"@type\":\"ImageObject\",\"url\":\"https:\\\/\\\/lavandamania.eu\\\/wp-content\\\/uploads\\\/2023\\\/12\\\/20231215_213602-scaled.jpg\",\"@id\":\"https:\\\/\\\/lavandamania.eu\\\/lv\\\/product\\\/seklas-lavandas-vera\\\/#mainImage\",\"width\":2560,\"height\":2560,\"caption\":\"Lavender Vera: A Versatile Perennial Delight\"},\"primaryImageOfPage\":{\"@id\":\"https:\\\/\\\/lavandamania.eu\\\/lv\\\/product\\\/seklas-lavandas-vera\\\/#mainImage\"},\"datePublished\":\"2023-12-15T21:53:44+02:00\",\"dateModified\":\"2023-12-15T21:53:44+02:00\"},{\"@type\":\"Organization\",\"@id\":\"https:\\\/\\\/lavandamania.eu\\\/lv\\\/#organization\",\"name\":\"Lavandamania\",\"description\":\"Shop with lavender products in Scandinavia\",\"url\":\"https:\\\/\\\/lavandamania.eu\\\/lv\\\/\",\"telephone\":\"+37256299777\",\"logo\":{\"@type\":\"ImageObject\",\"url\":\"https:\\\/\\\/lavandamania.eu\\\/wp-content\\\/uploads\\\/2023\\\/09\\\/Logo.png\",\"@id\":\"https:\\\/\\\/lavandamania.eu\\\/lv\\\/product\\\/seklas-lavandas-vera\\\/#organizationLogo\",\"width\":300,\"height\":155},\"image\":{\"@id\":\"https:\\\/\\\/lavandamania.eu\\\/lv\\\/product\\\/seklas-lavandas-vera\\\/#organizationLogo\"}},{\"@type\":\"WebSite\",\"@id\":\"https:\\\/\\\/lavandamania.eu\\\/lv\\\/#website\",\"url\":\"https:\\\/\\\/lavandamania.eu\\\/lv\\\/\",\"name\":\"Lavandamania\",\"description\":\"Shop with lavender products in Scandinavia\",\"inLanguage\":\"lv-LV\",\"publisher\":{\"@id\":\"https:\\\/\\\/lavandamania.eu\\\/lv\\\/#organization\"}}]}\n\t\t<\/script>\n\t\t<!-- All in One SEO -->\n\n","aioseo_head_json":{"title":"Lavandas s\u0113klas \u201cLavender Vera\u201d \u2013 Franchi Sementi - Lavandamania","description":"Atkl\u0101jiet\"Lavender Vera\" daudzpus\u012bgo skaistumu un arom\u0101tu. Lavanda Vera ir ne tikai satrieco\u0161a, bet ar\u012b daudzgad\u012bgs, daudzpus\u012bgs un smar\u017e\u012bgs augs, kas piem\u0113rots grie\u0161anai un izmanto\u0161anai podi\u0146os. Lavandas Vera galven\u0101s \u012bpa\u0161\u012bbas: Izsmalcin\u0101ts arom\u0101ts: T\u0101 apburo\u0161ais arom\u0101ts pie\u0161\u0137ir ve\u013cai pat\u012bkamu smar\u017eu. Univers\u0101la \u017e\u0101v\u0113ta lavanda: Pievienojiet kalt\u0113tu lavandas zari\u0146u potpourri, lai ieg\u016btu papildu arom\u0101tu un ko\u0161u kr\u0101su. Palutiniet","canonical_url":"https:\/\/lavandamania.eu\/lv\/product\/seklas-lavandas-vera\/","robots":"max-image-preview:large","keywords":"","webmasterTools":{"miscellaneous":""},"schema":{"@context":"https:\/\/schema.org","@graph":[{"@type":"BreadcrumbList","@id":"https:\/\/lavandamania.eu\/lv\/product\/seklas-lavandas-vera\/#breadcrumblist","itemListElement":[{"@type":"ListItem","@id":"https:\/\/lavandamania.eu\/lv\/#listItem","position":1,"name":"Home","item":"https:\/\/lavandamania.eu\/lv\/","nextItem":{"@type":"ListItem","@id":"https:\/\/lavandamania.eu\/shop\/#listItem","name":"Shop"}},{"@type":"ListItem","@id":"https:\/\/lavandamania.eu\/shop\/#listItem","position":2,"name":"Shop","item":"https:\/\/lavandamania.eu\/shop\/","nextItem":{"@type":"ListItem","@id":"https:\/\/lavandamania.eu\/lv\/product-category\/siemenet-lv\/#listItem","name":"Siemenet"},"previousItem":{"@type":"ListItem","@id":"https:\/\/lavandamania.eu\/lv\/#listItem","name":"Home"}},{"@type":"ListItem","@id":"https:\/\/lavandamania.eu\/lv\/product-category\/siemenet-lv\/#listItem","position":3,"name":"Siemenet","item":"https:\/\/lavandamania.eu\/lv\/product-category\/siemenet-lv\/","nextItem":{"@type":"ListItem","@id":"https:\/\/lavandamania.eu\/lv\/product\/seklas-lavandas-vera\/#listItem","name":"Lavandas s\u0113klas &#8220;Lavender Vera&#8221; &#8211; Franchi Sementi"},"previousItem":{"@type":"ListItem","@id":"https:\/\/lavandamania.eu\/shop\/#listItem","name":"Shop"}},{"@type":"ListItem","@id":"https:\/\/lavandamania.eu\/lv\/product\/seklas-lavandas-vera\/#listItem","position":4,"name":"Lavandas s\u0113klas &#8220;Lavender Vera&#8221; &#8211; Franchi Sementi","previousItem":{"@type":"ListItem","@id":"https:\/\/lavandamania.eu\/lv\/product-category\/siemenet-lv\/#listItem","name":"Siemenet"}}]},{"@type":"ItemPage","@id":"https:\/\/lavandamania.eu\/lv\/product\/seklas-lavandas-vera\/#itempage","url":"https:\/\/lavandamania.eu\/lv\/product\/seklas-lavandas-vera\/","name":"Lavandas s\u0113klas \u201cLavender Vera\u201d \u2013 Franchi Sementi - Lavandamania","description":"Atkl\u0101jiet\"Lavender Vera\" daudzpus\u012bgo skaistumu un arom\u0101tu. Lavanda Vera ir ne tikai satrieco\u0161a, bet ar\u012b daudzgad\u012bgs, daudzpus\u012bgs un smar\u017e\u012bgs augs, kas piem\u0113rots grie\u0161anai un izmanto\u0161anai podi\u0146os. Lavandas Vera galven\u0101s \u012bpa\u0161\u012bbas: Izsmalcin\u0101ts arom\u0101ts: T\u0101 apburo\u0161ais arom\u0101ts pie\u0161\u0137ir ve\u013cai pat\u012bkamu smar\u017eu. Univers\u0101la \u017e\u0101v\u0113ta lavanda: Pievienojiet kalt\u0113tu lavandas zari\u0146u potpourri, lai ieg\u016btu papildu arom\u0101tu un ko\u0161u kr\u0101su. Palutiniet","inLanguage":"lv-LV","isPartOf":{"@id":"https:\/\/lavandamania.eu\/lv\/#website"},"breadcrumb":{"@id":"https:\/\/lavandamania.eu\/lv\/product\/seklas-lavandas-vera\/#breadcrumblist"},"image":{"@type":"ImageObject","url":"https:\/\/lavandamania.eu\/wp-content\/uploads\/2023\/12\/20231215_213602-scaled.jpg","@id":"https:\/\/lavandamania.eu\/lv\/product\/seklas-lavandas-vera\/#mainImage","width":2560,"height":2560,"caption":"Lavender Vera: A Versatile Perennial Delight"},"primaryImageOfPage":{"@id":"https:\/\/lavandamania.eu\/lv\/product\/seklas-lavandas-vera\/#mainImage"},"datePublished":"2023-12-15T21:53:44+02:00","dateModified":"2023-12-15T21:53:44+02:00"},{"@type":"Organization","@id":"https:\/\/lavandamania.eu\/lv\/#organization","name":"Lavandamania","description":"Shop with lavender products in Scandinavia","url":"https:\/\/lavandamania.eu\/lv\/","telephone":"+37256299777","logo":{"@type":"ImageObject","url":"https:\/\/lavandamania.eu\/wp-content\/uploads\/2023\/09\/Logo.png","@id":"https:\/\/lavandamania.eu\/lv\/product\/seklas-lavandas-vera\/#organizationLogo","width":300,"height":155},"image":{"@id":"https:\/\/lavandamania.eu\/lv\/product\/seklas-lavandas-vera\/#organizationLogo"}},{"@type":"WebSite","@id":"https:\/\/lavandamania.eu\/lv\/#website","url":"https:\/\/lavandamania.eu\/lv\/","name":"Lavandamania","description":"Shop with lavender products in Scandinavia","inLanguage":"lv-LV","publisher":{"@id":"https:\/\/lavandamania.eu\/lv\/#organization"}}]},"og:locale":"lv_LV","og:site_name":"Lavandamania - Shop with lavender products in Scandinavia","og:type":"article","og:title":"Lavandas s\u0113klas \u201cLavender Vera\u201d \u2013 Franchi Sementi - Lavandamania","og:description":"Atkl\u0101jiet&quot;Lavender Vera&quot; daudzpus\u012bgo skaistumu un arom\u0101tu. Lavanda Vera ir ne tikai satrieco\u0161a, bet ar\u012b daudzgad\u012bgs, daudzpus\u012bgs un smar\u017e\u012bgs augs, kas piem\u0113rots grie\u0161anai un izmanto\u0161anai podi\u0146os. Lavandas Vera galven\u0101s \u012bpa\u0161\u012bbas: Izsmalcin\u0101ts arom\u0101ts: T\u0101 apburo\u0161ais arom\u0101ts pie\u0161\u0137ir ve\u013cai pat\u012bkamu smar\u017eu. Univers\u0101la \u017e\u0101v\u0113ta lavanda: Pievienojiet kalt\u0113tu lavandas zari\u0146u potpourri, lai ieg\u016btu papildu arom\u0101tu un ko\u0161u kr\u0101su. Palutiniet","og:url":"https:\/\/lavandamania.eu\/lv\/product\/seklas-lavandas-vera\/","og:image":"https:\/\/lavandamania.eu\/wp-content\/uploads\/2023\/09\/logo-colored2-1.jpg","og:image:secure_url":"https:\/\/lavandamania.eu\/wp-content\/uploads\/2023\/09\/logo-colored2-1.jpg","article:published_time":"2023-12-15T19:53:44+00:00","article:modified_time":"2023-12-15T19:53:44+00:00","twitter:card":"summary_large_image","twitter:title":"Lavandas s\u0113klas \u201cLavender Vera\u201d \u2013 Franchi Sementi - Lavandamania","twitter:description":"Atkl\u0101jiet&quot;Lavender Vera&quot; daudzpus\u012bgo skaistumu un arom\u0101tu. Lavanda Vera ir ne tikai satrieco\u0161a, bet ar\u012b daudzgad\u012bgs, daudzpus\u012bgs un smar\u017e\u012bgs augs, kas piem\u0113rots grie\u0161anai un izmanto\u0161anai podi\u0146os. Lavandas Vera galven\u0101s \u012bpa\u0161\u012bbas: Izsmalcin\u0101ts arom\u0101ts: T\u0101 apburo\u0161ais arom\u0101ts pie\u0161\u0137ir ve\u013cai pat\u012bkamu smar\u017eu. Univers\u0101la \u017e\u0101v\u0113ta lavanda: Pievienojiet kalt\u0113tu lavandas zari\u0146u potpourri, lai ieg\u016btu papildu arom\u0101tu un ko\u0161u kr\u0101su. Palutiniet","twitter:image":"https:\/\/lavandamania.eu\/wp-content\/uploads\/2023\/09\/logo-colored2-1.jpg"},"aioseo_meta_data":{"post_id":"2607","title":null,"description":null,"keywords":[],"keyphrases":{"focus":{"keyphrase":"","score":0,"analysis":{"keyphraseInTitle":{"score":0,"maxScore":9,"error":1}}},"additional":[]},"primary_term":null,"canonical_url":null,"og_title":null,"og_description":null,"og_object_type":"default","og_image_type":"default","og_image_url":null,"og_image_width":null,"og_image_height":null,"og_image_custom_url":null,"og_image_custom_fields":null,"og_video":"","og_custom_url":null,"og_article_section":null,"og_article_tags":[],"twitter_use_og":false,"twitter_card":"default","twitter_image_type":"default","twitter_image_url":null,"twitter_image_custom_url":null,"twitter_image_custom_fields":null,"twitter_title":null,"twitter_description":null,"schema":{"blockGraphs":[],"customGraphs":[],"default":{"data":{"Article":[],"Course":[],"Dataset":[],"FAQPage":[],"Movie":[],"Person":[],"Product":[],"ProductReview":[],"Car":[],"Recipe":[],"Service":[],"SoftwareApplication":[],"WebPage":[]},"graphName":"ItemPage","isEnabled":true},"graphs":[]},"schema_type":"default","schema_type_options":null,"pillar_content":false,"robots_default":true,"robots_noindex":false,"robots_noarchive":false,"robots_nosnippet":false,"robots_nofollow":false,"robots_noimageindex":false,"robots_noodp":false,"robots_notranslate":false,"robots_max_snippet":"-1","robots_max_videopreview":"-1","robots_max_imagepreview":"large","priority":null,"frequency":"default","local_seo":null,"breadcrumb_settings":null,"limit_modified_date":false,"ai":null,"created":"2024-02-17 14:49:11","updated":"2025-12-24 23:01:13","seo_analyzer_scan_date":null,"focus_keyword":null,"additional_keywords":null,"truseo_locale":null},"aioseo_breadcrumb":"<div class=\"aioseo-breadcrumbs\"><span class=\"aioseo-breadcrumb\">\n\t\t\t<a href=\"https:\/\/lavandamania.eu\/lv\/\" title=\"Home\">Home<\/a>\n\t\t<\/span><span class=\"aioseo-breadcrumb-separator\">&raquo;<\/span><span class=\"aioseo-breadcrumb\">\n\t\t\t<a href=\"https:\/\/lavandamania.eu\/shop\/\" title=\"Shop\">Shop<\/a>\n\t\t<\/span><span class=\"aioseo-breadcrumb-separator\">&raquo;<\/span><span class=\"aioseo-breadcrumb\">\n\t\t\t<a href=\"https:\/\/lavandamania.eu\/lv\/product-category\/siemenet-lv\/\" title=\"Siemenet\">Siemenet<\/a>\n\t\t<\/span><span class=\"aioseo-breadcrumb-separator\">&raquo;<\/span><span class=\"aioseo-breadcrumb\">\n\t\t\tLavandas s\u0113klas \u201cLavender Vera\u201d \u2013 Franchi Sementi\n\t\t<\/span><\/div>","aioseo_breadcrumb_json":[{"label":"Home","link":"https:\/\/lavandamania.eu\/lv\/"},{"label":"Shop","link":"https:\/\/lavandamania.eu\/shop\/"},{"label":"Siemenet","link":"https:\/\/lavandamania.eu\/lv\/product-category\/siemenet-lv\/"},{"label":"Lavandas s\u0113klas &#8220;Lavender Vera&#8221; &#8211; Franchi Sementi","link":"https:\/\/lavandamania.eu\/lv\/product\/seklas-lavandas-vera\/"}],"_links":{"self":[{"href":"https:\/\/lavandamania.eu\/lv\/wp-json\/wp\/v2\/product\/2607","targetHints":{"allow":["GET"]}}],"collection":[{"href":"https:\/\/lavandamania.eu\/lv\/wp-json\/wp\/v2\/product"}],"about":[{"href":"https:\/\/lavandamania.eu\/lv\/wp-json\/wp\/v2\/types\/product"}],"wp:featuredmedia":[{"embeddable":true,"href":"https:\/\/lavandamania.eu\/lv\/wp-json\/wp\/v2\/media\/2608"}],"wp:attachment":[{"href":"https:\/\/lavandamania.eu\/lv\/wp-json\/wp\/v2\/media?parent=2607"}],"wp:term":[{"taxonomy":"product_brand","embeddable":true,"href":"https:\/\/lavandamania.eu\/lv\/wp-json\/wp\/v2\/product_brand?post=2607"},{"taxonomy":"product_cat","embeddable":true,"href":"https:\/\/lavandamania.eu\/lv\/wp-json\/wp\/v2\/product_cat?post=2607"},{"taxonomy":"product_tag","embeddable":true,"href":"https:\/\/lavandamania.eu\/lv\/wp-json\/wp\/v2\/product_tag?post=2607"}],"curies":[{"name":"wp","href":"https:\/\/api.w.org\/{rel}","templated":true}]}}