{"id":2533,"date":"2023-12-15T22:39:55","date_gmt":"2023-12-15T20:39:55","guid":{"rendered":"https:\/\/lavandamania.eu\/product\/lavandas-seklas-lavandula-angustifolia\/"},"modified":"2024-02-17T16:49:04","modified_gmt":"2024-02-17T14:49:04","slug":"lavandas-seklas-lavandula-angustifolia-van-hemert","status":"publish","type":"product","link":"https:\/\/lavandamania.eu\/lv\/product\/lavandas-seklas-lavandula-angustifolia-van-hemert\/","title":{"rendered":"Lavandas s\u0113klas &#8220;Lavandula angustifolia&#8221;"},"content":{"rendered":"<p>Iepaz\u012bstieties ar Van Hemert en Co <strong>lavandas s\u0113klu<\/strong> kolekciju, kur\u0101 ir Lavandula angustifolia &#8211; daudzgad\u012bgs d\u0101rza augs, kas paz\u012bstams ar savu arom\u0101tisko valdzin\u0101jumu. V\u0113sturiski <strong>lavandu<\/strong> izmantoja da\u017e\u0101diem nol\u016bkiem, s\u0101kot no t\u0101, ka to izmantoja k\u0101 dabisku l\u012bdzekli pret \u0113rc\u0113m ve\u013cas ve\u013c\u0101, l\u012bdz pat vannas \u016bdens bag\u0101tin\u0101\u0161anai ar t\u0101s apburo\u0161o smar\u017eu. T\u0101s lapas un ziedi papildina m\u0113r\u010du, saut\u0113jumu un augu eti\u0137a gar\u0161u, pie\u0161\u0137irot unik\u0101lu piesk\u0101rienu kulin\u0101rijas izstr\u0101d\u0101jumiem.<\/p>\n<p>M\u016bsu <strong>lavandas<\/strong> s\u0113klu galven\u0101s \u012bpa\u0161\u012bbas:<\/p>\n<ul>\n<li>Daudzgad\u012bgo augu \u0161\u0137irne: Lavandula angustifolia gadu no gada pied\u0101v\u0101 nez\u016bdo\u0161u skaistumu.<\/li>\n<li>Piesaista bites un tauri\u0146us: Bag\u0101tiniet savu d\u0101rzu ar augu, kas veicina biolo\u0123isko daudzveid\u012bbu un dabisko apputeksn\u0113\u0161anu.<\/li>\n<li>Br\u012bni\u0161\u0137\u012bgi smar\u017eojo\u0161i ziedi: Lavandas smar\u017ea: izbaudiet valdzino\u0161o lavandas arom\u0101tu, kas sasniedz 40-60 cm augstumu.<\/li>\n<li>Nomierino\u0161as \u012bpa\u0161\u012bbas: Lavanda ir paz\u012bstama ar savu nomierino\u0161o iedarb\u012bbu, kas pal\u012bdz bezmiega un da\u017e\u0101du \u0101das slim\u012bbu gad\u012bjumos.<\/li>\n<\/ul>\n<p>&nbsp;<\/p>\n<p>Izbaudiet Lavandula angustifolia &#8211; univers\u0101la gar\u0161auga daudzpus\u012bg\u0101s priek\u0161roc\u012bbas, kas ne tikai uzlabo j\u016bsu d\u0101rza est\u0113tiku, bet ar\u012b sniedz terapeitiskas un kulin\u0101rijas priek\u0161roc\u012bbas, vienlaikus atbalstot viet\u0113jos apputeksn\u0113t\u0101jus.<\/p>\n","protected":false},"excerpt":{"rendered":"<p>Iepaz\u012bstieties ar Van Hemert en Co lavandas s\u0113klu kolekciju, kur\u0101 ir Lavandula angustifolia &#8211; daudzgad\u012bgs d\u0101rza augs, kas paz\u012bstams ar savu arom\u0101tisko valdzin\u0101jumu. V\u0113sturiski lavandu izmantoja da\u017e\u0101diem nol\u016bkiem, s\u0101kot no t\u0101, ka to izmantoja k\u0101 dabisku l\u012bdzekli pret \u0113rc\u0113m ve\u013cas ve\u013c\u0101, l\u012bdz pat vannas \u016bdens bag\u0101tin\u0101\u0161anai ar t\u0101s apburo\u0161o smar\u017eu. T\u0101s lapas un ziedi papildina [&hellip;]<\/p>\n","protected":false},"featured_media":2478,"template":"","meta":[],"product_brand":[],"product_cat":[117],"product_tag":[],"class_list":["post-2533","product","type-product","status-publish","has-post-thumbnail","product_cat-siemenet-lv","first","instock","taxable","shipping-taxable","purchasable","product-type-simple"],"aioseo_notices":[],"aioseo_head":"\n\t\t<!-- All in One SEO 5.0.1.1 - aioseo.com -->\n\t<meta name=\"description\" content=\"Iepaz\u012bstieties ar Van Hemert en Co lavandas s\u0113klu kolekciju, kur\u0101 ir Lavandula angustifolia - daudzgad\u012bgs d\u0101rza augs, kas paz\u012bstams ar savu arom\u0101tisko valdzin\u0101jumu. V\u0113sturiski lavandu izmantoja da\u017e\u0101diem nol\u016bkiem, s\u0101kot no t\u0101, ka to izmantoja k\u0101 dabisku l\u012bdzekli pret \u0113rc\u0113m ve\u013cas ve\u013c\u0101, l\u012bdz pat vannas \u016bdens bag\u0101tin\u0101\u0161anai ar t\u0101s apburo\u0161o smar\u017eu. T\u0101s lapas un ziedi papildina\" \/>\n\t<meta name=\"robots\" content=\"max-image-preview:large\" \/>\n\t<link rel=\"canonical\" href=\"https:\/\/lavandamania.eu\/lv\/product\/lavandas-seklas-lavandula-angustifolia-van-hemert\/\" \/>\n\t<meta name=\"generator\" content=\"All in One SEO (AIOSEO) 5.0.1.1\" \/>\n\t\t<meta property=\"og:locale\" content=\"lv_LV\" \/>\n\t\t<meta property=\"og:site_name\" content=\"Lavandamania - Shop with lavender products in Scandinavia\" \/>\n\t\t<meta property=\"og:type\" content=\"article\" \/>\n\t\t<meta property=\"og:title\" content=\"Lavandas s\u0113klas \u201cLavandula angustifolia\u201d - Lavandamania\" \/>\n\t\t<meta property=\"og:description\" content=\"Iepaz\u012bstieties ar Van Hemert en Co lavandas s\u0113klu kolekciju, kur\u0101 ir Lavandula angustifolia - daudzgad\u012bgs d\u0101rza augs, kas paz\u012bstams ar savu arom\u0101tisko valdzin\u0101jumu. V\u0113sturiski lavandu izmantoja da\u017e\u0101diem nol\u016bkiem, s\u0101kot no t\u0101, ka to izmantoja k\u0101 dabisku l\u012bdzekli pret \u0113rc\u0113m ve\u013cas ve\u013c\u0101, l\u012bdz pat vannas \u016bdens bag\u0101tin\u0101\u0161anai ar t\u0101s apburo\u0161o smar\u017eu. T\u0101s lapas un ziedi papildina\" \/>\n\t\t<meta property=\"og:url\" content=\"https:\/\/lavandamania.eu\/lv\/product\/lavandas-seklas-lavandula-angustifolia-van-hemert\/\" \/>\n\t\t<meta property=\"og:image\" content=\"https:\/\/lavandamania.eu\/wp-content\/uploads\/2023\/09\/logo-colored2-1.jpg\" \/>\n\t\t<meta property=\"og:image:secure_url\" content=\"https:\/\/lavandamania.eu\/wp-content\/uploads\/2023\/09\/logo-colored2-1.jpg\" \/>\n\t\t<meta property=\"article:published_time\" content=\"2023-12-15T20:39:55+00:00\" \/>\n\t\t<meta property=\"article:modified_time\" content=\"2024-02-17T14:49:04+00:00\" \/>\n\t\t<meta name=\"twitter:card\" content=\"summary_large_image\" \/>\n\t\t<meta name=\"twitter:title\" content=\"Lavandas s\u0113klas \u201cLavandula angustifolia\u201d - Lavandamania\" \/>\n\t\t<meta name=\"twitter:description\" content=\"Iepaz\u012bstieties ar Van Hemert en Co lavandas s\u0113klu kolekciju, kur\u0101 ir Lavandula angustifolia - daudzgad\u012bgs d\u0101rza augs, kas paz\u012bstams ar savu arom\u0101tisko valdzin\u0101jumu. V\u0113sturiski lavandu izmantoja da\u017e\u0101diem nol\u016bkiem, s\u0101kot no t\u0101, ka to izmantoja k\u0101 dabisku l\u012bdzekli pret \u0113rc\u0113m ve\u013cas ve\u013c\u0101, l\u012bdz pat vannas \u016bdens bag\u0101tin\u0101\u0161anai ar t\u0101s apburo\u0161o smar\u017eu. T\u0101s lapas un ziedi papildina\" \/>\n\t\t<meta name=\"twitter:image\" content=\"https:\/\/lavandamania.eu\/wp-content\/uploads\/2023\/09\/logo-colored2-1.jpg\" \/>\n\t\t<script type=\"application\/ld+json\" class=\"aioseo-schema\">\n\t\t\t{\"@context\":\"https:\\\/\\\/schema.org\",\"@graph\":[{\"@type\":\"BreadcrumbList\",\"@id\":\"https:\\\/\\\/lavandamania.eu\\\/lv\\\/product\\\/lavandas-seklas-lavandula-angustifolia-van-hemert\\\/#breadcrumblist\",\"itemListElement\":[{\"@type\":\"ListItem\",\"@id\":\"https:\\\/\\\/lavandamania.eu\\\/lv\\\/#listItem\",\"position\":1,\"name\":\"Home\",\"item\":\"https:\\\/\\\/lavandamania.eu\\\/lv\\\/\",\"nextItem\":{\"@type\":\"ListItem\",\"@id\":\"https:\\\/\\\/lavandamania.eu\\\/shop\\\/#listItem\",\"name\":\"Shop\"}},{\"@type\":\"ListItem\",\"@id\":\"https:\\\/\\\/lavandamania.eu\\\/shop\\\/#listItem\",\"position\":2,\"name\":\"Shop\",\"item\":\"https:\\\/\\\/lavandamania.eu\\\/shop\\\/\",\"nextItem\":{\"@type\":\"ListItem\",\"@id\":\"https:\\\/\\\/lavandamania.eu\\\/lv\\\/product-category\\\/siemenet-lv\\\/#listItem\",\"name\":\"Siemenet\"},\"previousItem\":{\"@type\":\"ListItem\",\"@id\":\"https:\\\/\\\/lavandamania.eu\\\/lv\\\/#listItem\",\"name\":\"Home\"}},{\"@type\":\"ListItem\",\"@id\":\"https:\\\/\\\/lavandamania.eu\\\/lv\\\/product-category\\\/siemenet-lv\\\/#listItem\",\"position\":3,\"name\":\"Siemenet\",\"item\":\"https:\\\/\\\/lavandamania.eu\\\/lv\\\/product-category\\\/siemenet-lv\\\/\",\"nextItem\":{\"@type\":\"ListItem\",\"@id\":\"https:\\\/\\\/lavandamania.eu\\\/lv\\\/product\\\/lavandas-seklas-lavandula-angustifolia-van-hemert\\\/#listItem\",\"name\":\"Lavandas s\\u0113klas &#8220;Lavandula angustifolia&#8221;\"},\"previousItem\":{\"@type\":\"ListItem\",\"@id\":\"https:\\\/\\\/lavandamania.eu\\\/shop\\\/#listItem\",\"name\":\"Shop\"}},{\"@type\":\"ListItem\",\"@id\":\"https:\\\/\\\/lavandamania.eu\\\/lv\\\/product\\\/lavandas-seklas-lavandula-angustifolia-van-hemert\\\/#listItem\",\"position\":4,\"name\":\"Lavandas s\\u0113klas &#8220;Lavandula angustifolia&#8221;\",\"previousItem\":{\"@type\":\"ListItem\",\"@id\":\"https:\\\/\\\/lavandamania.eu\\\/lv\\\/product-category\\\/siemenet-lv\\\/#listItem\",\"name\":\"Siemenet\"}}]},{\"@type\":\"ItemPage\",\"@id\":\"https:\\\/\\\/lavandamania.eu\\\/lv\\\/product\\\/lavandas-seklas-lavandula-angustifolia-van-hemert\\\/#itempage\",\"url\":\"https:\\\/\\\/lavandamania.eu\\\/lv\\\/product\\\/lavandas-seklas-lavandula-angustifolia-van-hemert\\\/\",\"name\":\"Lavandas s\\u0113klas \\u201cLavandula angustifolia\\u201d - Lavandamania\",\"description\":\"Iepaz\\u012bstieties ar Van Hemert en Co lavandas s\\u0113klu kolekciju, kur\\u0101 ir Lavandula angustifolia - daudzgad\\u012bgs d\\u0101rza augs, kas paz\\u012bstams ar savu arom\\u0101tisko valdzin\\u0101jumu. V\\u0113sturiski lavandu izmantoja da\\u017e\\u0101diem nol\\u016bkiem, s\\u0101kot no t\\u0101, ka to izmantoja k\\u0101 dabisku l\\u012bdzekli pret \\u0113rc\\u0113m ve\\u013cas ve\\u013c\\u0101, l\\u012bdz pat vannas \\u016bdens bag\\u0101tin\\u0101\\u0161anai ar t\\u0101s apburo\\u0161o smar\\u017eu. T\\u0101s lapas un ziedi papildina\",\"inLanguage\":\"lv-LV\",\"isPartOf\":{\"@id\":\"https:\\\/\\\/lavandamania.eu\\\/lv\\\/#website\"},\"breadcrumb\":{\"@id\":\"https:\\\/\\\/lavandamania.eu\\\/lv\\\/product\\\/lavandas-seklas-lavandula-angustifolia-van-hemert\\\/#breadcrumblist\"},\"image\":{\"@type\":\"ImageObject\",\"url\":\"https:\\\/\\\/lavandamania.eu\\\/wp-content\\\/uploads\\\/2023\\\/12\\\/20231215_213620.jpg\",\"@id\":\"https:\\\/\\\/lavandamania.eu\\\/lv\\\/product\\\/lavandas-seklas-lavandula-angustifolia-van-hemert\\\/#mainImage\",\"width\":2000,\"height\":2000,\"caption\":\"Lavandas s\\u0113klas Van Hemert priek\\u0161\\u0113jais soma skats\"},\"primaryImageOfPage\":{\"@id\":\"https:\\\/\\\/lavandamania.eu\\\/lv\\\/product\\\/lavandas-seklas-lavandula-angustifolia-van-hemert\\\/#mainImage\"},\"datePublished\":\"2023-12-15T22:39:55+02:00\",\"dateModified\":\"2024-02-17T16:49:04+02:00\"},{\"@type\":\"Organization\",\"@id\":\"https:\\\/\\\/lavandamania.eu\\\/lv\\\/#organization\",\"name\":\"Lavandamania\",\"description\":\"Shop with lavender products in Scandinavia\",\"url\":\"https:\\\/\\\/lavandamania.eu\\\/lv\\\/\",\"telephone\":\"+37256299777\",\"logo\":{\"@type\":\"ImageObject\",\"url\":\"https:\\\/\\\/lavandamania.eu\\\/wp-content\\\/uploads\\\/2023\\\/09\\\/Logo.png\",\"@id\":\"https:\\\/\\\/lavandamania.eu\\\/lv\\\/product\\\/lavandas-seklas-lavandula-angustifolia-van-hemert\\\/#organizationLogo\",\"width\":300,\"height\":155},\"image\":{\"@id\":\"https:\\\/\\\/lavandamania.eu\\\/lv\\\/product\\\/lavandas-seklas-lavandula-angustifolia-van-hemert\\\/#organizationLogo\"}},{\"@type\":\"WebSite\",\"@id\":\"https:\\\/\\\/lavandamania.eu\\\/lv\\\/#website\",\"url\":\"https:\\\/\\\/lavandamania.eu\\\/lv\\\/\",\"name\":\"Lavandamania\",\"description\":\"Shop with lavender products in Scandinavia\",\"inLanguage\":\"lv-LV\",\"publisher\":{\"@id\":\"https:\\\/\\\/lavandamania.eu\\\/lv\\\/#organization\"}}]}\n\t\t<\/script>\n\t\t<!-- All in One SEO -->\n\n","aioseo_head_json":{"title":"Lavandas s\u0113klas \u201cLavandula angustifolia\u201d - Lavandamania","description":"Iepaz\u012bstieties ar Van Hemert en Co lavandas s\u0113klu kolekciju, kur\u0101 ir Lavandula angustifolia - daudzgad\u012bgs d\u0101rza augs, kas paz\u012bstams ar savu arom\u0101tisko valdzin\u0101jumu. V\u0113sturiski lavandu izmantoja da\u017e\u0101diem nol\u016bkiem, s\u0101kot no t\u0101, ka to izmantoja k\u0101 dabisku l\u012bdzekli pret \u0113rc\u0113m ve\u013cas ve\u013c\u0101, l\u012bdz pat vannas \u016bdens bag\u0101tin\u0101\u0161anai ar t\u0101s apburo\u0161o smar\u017eu. T\u0101s lapas un ziedi papildina","canonical_url":"https:\/\/lavandamania.eu\/lv\/product\/lavandas-seklas-lavandula-angustifolia-van-hemert\/","robots":"max-image-preview:large","keywords":"","webmasterTools":{"miscellaneous":""},"schema":{"@context":"https:\/\/schema.org","@graph":[{"@type":"BreadcrumbList","@id":"https:\/\/lavandamania.eu\/lv\/product\/lavandas-seklas-lavandula-angustifolia-van-hemert\/#breadcrumblist","itemListElement":[{"@type":"ListItem","@id":"https:\/\/lavandamania.eu\/lv\/#listItem","position":1,"name":"Home","item":"https:\/\/lavandamania.eu\/lv\/","nextItem":{"@type":"ListItem","@id":"https:\/\/lavandamania.eu\/shop\/#listItem","name":"Shop"}},{"@type":"ListItem","@id":"https:\/\/lavandamania.eu\/shop\/#listItem","position":2,"name":"Shop","item":"https:\/\/lavandamania.eu\/shop\/","nextItem":{"@type":"ListItem","@id":"https:\/\/lavandamania.eu\/lv\/product-category\/siemenet-lv\/#listItem","name":"Siemenet"},"previousItem":{"@type":"ListItem","@id":"https:\/\/lavandamania.eu\/lv\/#listItem","name":"Home"}},{"@type":"ListItem","@id":"https:\/\/lavandamania.eu\/lv\/product-category\/siemenet-lv\/#listItem","position":3,"name":"Siemenet","item":"https:\/\/lavandamania.eu\/lv\/product-category\/siemenet-lv\/","nextItem":{"@type":"ListItem","@id":"https:\/\/lavandamania.eu\/lv\/product\/lavandas-seklas-lavandula-angustifolia-van-hemert\/#listItem","name":"Lavandas s\u0113klas &#8220;Lavandula angustifolia&#8221;"},"previousItem":{"@type":"ListItem","@id":"https:\/\/lavandamania.eu\/shop\/#listItem","name":"Shop"}},{"@type":"ListItem","@id":"https:\/\/lavandamania.eu\/lv\/product\/lavandas-seklas-lavandula-angustifolia-van-hemert\/#listItem","position":4,"name":"Lavandas s\u0113klas &#8220;Lavandula angustifolia&#8221;","previousItem":{"@type":"ListItem","@id":"https:\/\/lavandamania.eu\/lv\/product-category\/siemenet-lv\/#listItem","name":"Siemenet"}}]},{"@type":"ItemPage","@id":"https:\/\/lavandamania.eu\/lv\/product\/lavandas-seklas-lavandula-angustifolia-van-hemert\/#itempage","url":"https:\/\/lavandamania.eu\/lv\/product\/lavandas-seklas-lavandula-angustifolia-van-hemert\/","name":"Lavandas s\u0113klas \u201cLavandula angustifolia\u201d - Lavandamania","description":"Iepaz\u012bstieties ar Van Hemert en Co lavandas s\u0113klu kolekciju, kur\u0101 ir Lavandula angustifolia - daudzgad\u012bgs d\u0101rza augs, kas paz\u012bstams ar savu arom\u0101tisko valdzin\u0101jumu. V\u0113sturiski lavandu izmantoja da\u017e\u0101diem nol\u016bkiem, s\u0101kot no t\u0101, ka to izmantoja k\u0101 dabisku l\u012bdzekli pret \u0113rc\u0113m ve\u013cas ve\u013c\u0101, l\u012bdz pat vannas \u016bdens bag\u0101tin\u0101\u0161anai ar t\u0101s apburo\u0161o smar\u017eu. T\u0101s lapas un ziedi papildina","inLanguage":"lv-LV","isPartOf":{"@id":"https:\/\/lavandamania.eu\/lv\/#website"},"breadcrumb":{"@id":"https:\/\/lavandamania.eu\/lv\/product\/lavandas-seklas-lavandula-angustifolia-van-hemert\/#breadcrumblist"},"image":{"@type":"ImageObject","url":"https:\/\/lavandamania.eu\/wp-content\/uploads\/2023\/12\/20231215_213620.jpg","@id":"https:\/\/lavandamania.eu\/lv\/product\/lavandas-seklas-lavandula-angustifolia-van-hemert\/#mainImage","width":2000,"height":2000,"caption":"Lavandas s\u0113klas Van Hemert priek\u0161\u0113jais soma skats"},"primaryImageOfPage":{"@id":"https:\/\/lavandamania.eu\/lv\/product\/lavandas-seklas-lavandula-angustifolia-van-hemert\/#mainImage"},"datePublished":"2023-12-15T22:39:55+02:00","dateModified":"2024-02-17T16:49:04+02:00"},{"@type":"Organization","@id":"https:\/\/lavandamania.eu\/lv\/#organization","name":"Lavandamania","description":"Shop with lavender products in Scandinavia","url":"https:\/\/lavandamania.eu\/lv\/","telephone":"+37256299777","logo":{"@type":"ImageObject","url":"https:\/\/lavandamania.eu\/wp-content\/uploads\/2023\/09\/Logo.png","@id":"https:\/\/lavandamania.eu\/lv\/product\/lavandas-seklas-lavandula-angustifolia-van-hemert\/#organizationLogo","width":300,"height":155},"image":{"@id":"https:\/\/lavandamania.eu\/lv\/product\/lavandas-seklas-lavandula-angustifolia-van-hemert\/#organizationLogo"}},{"@type":"WebSite","@id":"https:\/\/lavandamania.eu\/lv\/#website","url":"https:\/\/lavandamania.eu\/lv\/","name":"Lavandamania","description":"Shop with lavender products in Scandinavia","inLanguage":"lv-LV","publisher":{"@id":"https:\/\/lavandamania.eu\/lv\/#organization"}}]},"og:locale":"lv_LV","og:site_name":"Lavandamania - Shop with lavender products in Scandinavia","og:type":"article","og:title":"Lavandas s\u0113klas \u201cLavandula angustifolia\u201d - Lavandamania","og:description":"Iepaz\u012bstieties ar Van Hemert en Co lavandas s\u0113klu kolekciju, kur\u0101 ir Lavandula angustifolia - daudzgad\u012bgs d\u0101rza augs, kas paz\u012bstams ar savu arom\u0101tisko valdzin\u0101jumu. V\u0113sturiski lavandu izmantoja da\u017e\u0101diem nol\u016bkiem, s\u0101kot no t\u0101, ka to izmantoja k\u0101 dabisku l\u012bdzekli pret \u0113rc\u0113m ve\u013cas ve\u013c\u0101, l\u012bdz pat vannas \u016bdens bag\u0101tin\u0101\u0161anai ar t\u0101s apburo\u0161o smar\u017eu. T\u0101s lapas un ziedi papildina","og:url":"https:\/\/lavandamania.eu\/lv\/product\/lavandas-seklas-lavandula-angustifolia-van-hemert\/","og:image":"https:\/\/lavandamania.eu\/wp-content\/uploads\/2023\/09\/logo-colored2-1.jpg","og:image:secure_url":"https:\/\/lavandamania.eu\/wp-content\/uploads\/2023\/09\/logo-colored2-1.jpg","article:published_time":"2023-12-15T20:39:55+00:00","article:modified_time":"2024-02-17T14:49:04+00:00","twitter:card":"summary_large_image","twitter:title":"Lavandas s\u0113klas \u201cLavandula angustifolia\u201d - Lavandamania","twitter:description":"Iepaz\u012bstieties ar Van Hemert en Co lavandas s\u0113klu kolekciju, kur\u0101 ir Lavandula angustifolia - daudzgad\u012bgs d\u0101rza augs, kas paz\u012bstams ar savu arom\u0101tisko valdzin\u0101jumu. V\u0113sturiski lavandu izmantoja da\u017e\u0101diem nol\u016bkiem, s\u0101kot no t\u0101, ka to izmantoja k\u0101 dabisku l\u012bdzekli pret \u0113rc\u0113m ve\u013cas ve\u013c\u0101, l\u012bdz pat vannas \u016bdens bag\u0101tin\u0101\u0161anai ar t\u0101s apburo\u0161o smar\u017eu. T\u0101s lapas un ziedi papildina","twitter:image":"https:\/\/lavandamania.eu\/wp-content\/uploads\/2023\/09\/logo-colored2-1.jpg"},"aioseo_meta_data":{"post_id":"2533","title":null,"description":null,"keywords":[],"keyphrases":{"focus":{"keyphrase":"","score":0,"analysis":{"keyphraseInTitle":{"score":0,"maxScore":9,"error":1}}},"additional":[]},"primary_term":null,"canonical_url":null,"og_title":null,"og_description":null,"og_object_type":"default","og_image_type":"default","og_image_url":null,"og_image_width":null,"og_image_height":null,"og_image_custom_url":null,"og_image_custom_fields":null,"og_video":"","og_custom_url":null,"og_article_section":null,"og_article_tags":[],"twitter_use_og":false,"twitter_card":"default","twitter_image_type":"default","twitter_image_url":null,"twitter_image_custom_url":null,"twitter_image_custom_fields":null,"twitter_title":null,"twitter_description":null,"schema":{"blockGraphs":[],"customGraphs":[],"default":{"data":{"Article":[],"Course":[],"Dataset":[],"FAQPage":[],"Movie":[],"Person":[],"Product":[],"ProductReview":[],"Car":[],"Recipe":[],"Service":[],"SoftwareApplication":[],"WebPage":[]},"graphName":"ItemPage","isEnabled":true},"graphs":[]},"schema_type":"default","schema_type_options":null,"pillar_content":false,"robots_default":true,"robots_noindex":false,"robots_noarchive":false,"robots_nosnippet":false,"robots_nofollow":false,"robots_noimageindex":false,"robots_noodp":false,"robots_notranslate":false,"robots_max_snippet":"-1","robots_max_videopreview":"-1","robots_max_imagepreview":"large","priority":null,"frequency":"default","local_seo":null,"breadcrumb_settings":null,"limit_modified_date":false,"ai":null,"created":"2024-02-17 14:48:45","updated":"2025-12-24 22:44:29","seo_analyzer_scan_date":null,"focus_keyword":null,"additional_keywords":null,"truseo_locale":null},"aioseo_breadcrumb":"<div class=\"aioseo-breadcrumbs\"><span class=\"aioseo-breadcrumb\">\n\t\t\t<a href=\"https:\/\/lavandamania.eu\/lv\/\" title=\"Home\">Home<\/a>\n\t\t<\/span><span class=\"aioseo-breadcrumb-separator\">&raquo;<\/span><span class=\"aioseo-breadcrumb\">\n\t\t\t<a href=\"https:\/\/lavandamania.eu\/shop\/\" title=\"Shop\">Shop<\/a>\n\t\t<\/span><span class=\"aioseo-breadcrumb-separator\">&raquo;<\/span><span class=\"aioseo-breadcrumb\">\n\t\t\t<a href=\"https:\/\/lavandamania.eu\/lv\/product-category\/siemenet-lv\/\" title=\"Siemenet\">Siemenet<\/a>\n\t\t<\/span><span class=\"aioseo-breadcrumb-separator\">&raquo;<\/span><span class=\"aioseo-breadcrumb\">\n\t\t\tLavandas s\u0113klas \u201cLavandula angustifolia\u201d\n\t\t<\/span><\/div>","aioseo_breadcrumb_json":[{"label":"Home","link":"https:\/\/lavandamania.eu\/lv\/"},{"label":"Shop","link":"https:\/\/lavandamania.eu\/shop\/"},{"label":"Siemenet","link":"https:\/\/lavandamania.eu\/lv\/product-category\/siemenet-lv\/"},{"label":"Lavandas s\u0113klas &#8220;Lavandula angustifolia&#8221;","link":"https:\/\/lavandamania.eu\/lv\/product\/lavandas-seklas-lavandula-angustifolia-van-hemert\/"}],"_links":{"self":[{"href":"https:\/\/lavandamania.eu\/lv\/wp-json\/wp\/v2\/product\/2533","targetHints":{"allow":["GET"]}}],"collection":[{"href":"https:\/\/lavandamania.eu\/lv\/wp-json\/wp\/v2\/product"}],"about":[{"href":"https:\/\/lavandamania.eu\/lv\/wp-json\/wp\/v2\/types\/product"}],"wp:featuredmedia":[{"embeddable":true,"href":"https:\/\/lavandamania.eu\/lv\/wp-json\/wp\/v2\/media\/2478"}],"wp:attachment":[{"href":"https:\/\/lavandamania.eu\/lv\/wp-json\/wp\/v2\/media?parent=2533"}],"wp:term":[{"taxonomy":"product_brand","embeddable":true,"href":"https:\/\/lavandamania.eu\/lv\/wp-json\/wp\/v2\/product_brand?post=2533"},{"taxonomy":"product_cat","embeddable":true,"href":"https:\/\/lavandamania.eu\/lv\/wp-json\/wp\/v2\/product_cat?post=2533"},{"taxonomy":"product_tag","embeddable":true,"href":"https:\/\/lavandamania.eu\/lv\/wp-json\/wp\/v2\/product_tag?post=2533"}],"curies":[{"name":"wp","href":"https:\/\/api.w.org\/{rel}","templated":true}]}}